{"id":1574,"date":"2013-10-09T16:26:35","date_gmt":"2013-10-09T14:26:35","guid":{"rendered":"http:\/\/wordpress.nige.de\/wordpress\/?page_id=1574"},"modified":"2026-08-19T11:09:18","modified_gmt":"2026-08-19T09:09:18","slug":"mathematik","status":"publish","type":"page","link":"https:\/\/wp2.nige.de\/wordpress\/sample-page\/mint-facher\/mathematik\/","title":{"rendered":"Mathematik"},"content":{"rendered":"<h4><span style=\"color: #000080;\"><strong>Fachkollegium<\/strong><\/span><\/h4>\n<p>Herr Fabian Bruns<br \/>\nHerr Stefan Eilts<br \/>\nFrau Hannah Geistert (Fachkonferenzleiterin)<br \/>\nFrau Wiebke Habben<br \/>\nHerr Stefan Kiritz<br \/>\nHerr Philipp Landgraf<br \/>\nFrau Hilke L\u00fcbben<br \/>\nFrau Sabine Manthey<br \/>\nFrau Anja M\u00fchlenbrock<br \/>\nHerr Tobias M\u00fcller<br \/>\nHerr Matthias Rudnick<br \/>\nHerr Christoph Schetzberg<br \/>\nHerr Wilhelm Specht<br \/>\nHerr Dirk Voges<br \/>\nFrau Claudia Weissig<br \/>\nHerr Tim Weyerts<\/p>\n<h4><span style=\"color: #000080;\"><strong><a href=\"https:\/\/wp2.nige.de\/wordpress\/wp-content\/uploads\/2025\/11\/2025-Beschlussdatei-FS-Mathematik-Oktober.pdf\">Beschlusssammlung<\/a><br \/>\n<\/strong><\/span><\/h4>\n<h4><strong><span style=\"color: #000080;\">Schulcurricula<\/span><\/strong><\/h4>\n<p><a href=\"https:\/\/wp2.nige.de\/wordpress\/wp-content\/uploads\/2025\/11\/Schulinternes-KC-Jahrgang-5.pdf\">Schulinternes KC Jahrgang 5<\/a> (PDF)<br \/>\n<a href=\"https:\/\/wp2.nige.de\/wordpress\/wp-content\/uploads\/2024\/08\/Schulinternes-KC-Jahrgang-6.pdf\">Schulinternes KC Jahrgang 6<\/a> (PDF)<br \/>\n<a href=\"https:\/\/wp2.nige.de\/wordpress\/wp-content\/uploads\/2024\/11\/Schulinternes-KC-Jahrgang-7-mit-CAS.pdf\">Schulinternes KC Jahrgang 7<\/a> (PDF)<br \/>\n<a href=\"https:\/\/wp2.nige.de\/wordpress\/wp-content\/uploads\/2024\/11\/Schulinternes-KC-Jahrgang-8-mit-CAS.pdf\">Schulinternes KC Jahrgang 8<\/a> (PDF)<br \/>\n<a href=\"https:\/\/wp2.nige.de\/wordpress\/wp-content\/uploads\/2024\/11\/Schulinternes-KC-Jahrgang-9-mit-CAS.pdf\">Schulinternes KC Jahrgang 9<\/a> (PDF)<br \/>\n<a href=\"https:\/\/wp2.nige.de\/wordpress\/wp-content\/uploads\/2024\/11\/Schulinternes-KC-Jahrgang-10-mit-CAS.pdf\">Schulinternes KC Jahrgang 10<\/a> (PDF)<br \/>\n<a href=\"http:\/\/wp2.nige.de\/wordpress\/wp-content\/uploads\/2020\/02\/Schulinternes-KC-Jahrgang-11.pdf\">Schulinternes KC Jahrgang 11<\/a> (PDF)<\/p>\n<p><strong><span style=\"color: #000080;\">Abitur<\/span><\/strong><\/p>\n<p><strong>Kursbeschreibungen Mathematik<\/strong><\/p>\n<ul>\n<li><a href=\"https:\/\/wp2.nige.de\/wordpress\/wp-content\/uploads\/2025\/11\/Kursbeschreibung-eA-Abitur-2027.pdf\">Kursbeschreibung-eA-Abitur-2027<\/a>&nbsp;(PDF)<\/li>\n<li><a href=\"https:\/\/wp2.nige.de\/wordpress\/wp-content\/uploads\/2025\/11\/Kursbeschreibung-gA-Abitur-2027.pdf\">Kursbeschreibung-gA-Abitur-2027<\/a>&nbsp;(PDF)<\/li>\n<li><a href=\"https:\/\/wp2.nige.de\/wordpress\/wp-content\/uploads\/2026\/08\/Kursbeschreibung-eA-Abitur-2028.pdf\">Kursbeschreibung-eA-Abitur-2028<\/a> (PDF)<\/li>\n<li><a href=\"https:\/\/wp2.nige.de\/wordpress\/wp-content\/uploads\/2026\/08\/Kursbeschreibung-gA-Abitur-2028.pdf\">Kursbeschreibung-gA-Abitur-2028<\/a> (PDF)<\/li>\n<\/ul>\n<p><strong><span style=\"color: #000080;\">Wettbewerbe<\/span><\/strong><\/p>\n<ul>\n<li><a href=\"https:\/\/wp2.nige.de\/wordpress\/knobeln-tuefteln-mitdenken-erfolgreiche-teilnahme-am-kaenguru-wettbewerb-2026\/\">Bericht zum K\u00e4nguru Wettbewerb 2026<\/a><\/li>\n<li><a href=\"https:\/\/wp2.nige.de\/wordpress\/mathematische-erfolge-beim-kaenguru-wettbewerb-2025\/\">Bericht zum K\u00e4nguru Wettbewerb 2025<\/a><\/li>\n<li><a href=\"https:\/\/wp2.nige.de\/wordpress\/kaenguru-wettbewerb-der-mathematik-2024\/\">Bericht zum K\u00e4nguru Wettbewerb 2024<\/a>&nbsp;(PDF)<\/li>\n<li><a href=\"https:\/\/wp2.nige.de\/wordpress\/wp-content\/uploads\/2024\/01\/Kaenguru-Wettbewerb-2023.pdf\">Bericht zum K\u00e4nguru Wettbewerb 2023<\/a> (PDF)<\/li>\n<li><a href=\"https:\/\/wp2.nige.de\/wordpress\/wp-content\/uploads\/2024\/01\/Lange-Nacht-der-Mathematik-2023.pdf\">Lange Nacht der Mathematik 2023<\/a> (PDF)<\/li>\n<li><a href=\"https:\/\/wp2.nige.de\/wordpress\/lange-nacht-der-mathematik-2024\/\">Lange Nacht der Mathematik 2024<\/a><\/li>\n<li><a href=\"https:\/\/wp2.nige.de\/wordpress\/durchgetueftelt-bis-zum-morgengrauen\/\">Lange Nacht der Mathematik 2025<\/a><\/li>\n<\/ul>\n<p><strong><span style=\"color: #000080;\">Berufsorientierung<\/span><\/strong><\/p>\n<ul>\n<li><a href=\"https:\/\/wp2.nige.de\/wordpress\/tag-der-mathematik-2024\/\">Bericht zum Tag der Mathematik in Oldenburg<\/a><\/li>\n<li><a href=\"https:\/\/wp2.nige.de\/wordpress\/wp-content\/uploads\/2025\/11\/Bericht-TdM-2025.pdf\">Bericht zum Tag der Mathematik 2025<\/a><\/li>\n<\/ul>\n","protected":false},"excerpt":{"rendered":"<p>Fachkollegium Herr Fabian Bruns Herr Stefan Eilts Frau Hannah Geistert (Fachkonferenzleiterin) Frau Wiebke Habben Herr Stefan Kiritz Herr Philipp Landgraf Frau Hilke L\u00fcbben Frau Sabine Manthey Frau Anja M\u00fchlenbrock Herr Tobias M\u00fcller Herr Matthias Rudnick Herr Christoph Schetzberg Herr Wilhelm Specht Herr Dirk Voges Frau Claudia&#46;&#46;&#46;<\/p>\n","protected":false},"author":28,"featured_media":0,"parent":160,"menu_order":0,"comment_status":"open","ping_status":"open","template":"","meta":{"ngg_post_thumbnail":0,"footnotes":""},"class_list":["post-1574","page","type-page","status-publish","hentry"],"yoast_head":"<!-- This site is optimized with the Yoast SEO plugin v28.3 - https:\/\/yoast.com\/product\/yoast-seo-wordpress\/ -->\n<title>Mathematik - NIGE<\/title>\n<meta name=\"robots\" content=\"index, follow, max-snippet:-1, max-image-preview:large, max-video-preview:-1\" \/>\n<link rel=\"canonical\" href=\"https:\/\/wp2.nige.de\/wordpress\/sample-page\/mint-facher\/mathematik\/\" \/>\n<meta property=\"og:locale\" content=\"de_DE\" \/>\n<meta property=\"og:type\" content=\"article\" \/>\n<meta property=\"og:title\" content=\"Mathematik - NIGE\" \/>\n<meta property=\"og:description\" content=\"Fachkollegium Herr Fabian Bruns Herr Stefan Eilts Frau Hannah Geistert (Fachkonferenzleiterin) Frau Wiebke Habben Herr Stefan Kiritz Herr Philipp Landgraf Frau Hilke L\u00fcbben Frau Sabine Manthey Frau Anja M\u00fchlenbrock Herr Tobias M\u00fcller Herr Matthias Rudnick Herr Christoph Schetzberg Herr Wilhelm Specht Herr Dirk Voges Frau Claudia&#046;&#046;&#046;\" \/>\n<meta property=\"og:url\" content=\"https:\/\/wp2.nige.de\/wordpress\/sample-page\/mint-facher\/mathematik\/\" \/>\n<meta property=\"og:site_name\" content=\"NIGE\" \/>\n<meta property=\"article:publisher\" content=\"https:\/\/www.facebook.com\/NIGEsens\/\" \/>\n<meta property=\"article:modified_time\" content=\"2026-08-19T09:09:18+00:00\" \/>\n<meta name=\"twitter:card\" content=\"summary_large_image\" \/>\n<meta name=\"twitter:label1\" content=\"Gesch\u00e4tzte Lesezeit\" \/>\n\t<meta name=\"twitter:data1\" content=\"1\u00a0Minute\" \/>\n<script type=\"application\/ld+json\" class=\"yoast-schema-graph\">{\"@context\":\"https:\\\/\\\/schema.org\",\"@graph\":[{\"@type\":\"WebPage\",\"@id\":\"https:\\\/\\\/wp2.nige.de\\\/wordpress\\\/sample-page\\\/mint-facher\\\/mathematik\\\/\",\"url\":\"https:\\\/\\\/wp2.nige.de\\\/wordpress\\\/sample-page\\\/mint-facher\\\/mathematik\\\/\",\"name\":\"Mathematik - NIGE\",\"isPartOf\":{\"@id\":\"https:\\\/\\\/wp2.nige.de\\\/wordpress\\\/#website\"},\"datePublished\":\"2013-10-09T14:26:35+00:00\",\"dateModified\":\"2026-08-19T09:09:18+00:00\",\"breadcrumb\":{\"@id\":\"https:\\\/\\\/wp2.nige.de\\\/wordpress\\\/sample-page\\\/mint-facher\\\/mathematik\\\/#breadcrumb\"},\"inLanguage\":\"de\",\"potentialAction\":[{\"@type\":\"ReadAction\",\"target\":[\"https:\\\/\\\/wp2.nige.de\\\/wordpress\\\/sample-page\\\/mint-facher\\\/mathematik\\\/\"]}]},{\"@type\":\"BreadcrumbList\",\"@id\":\"https:\\\/\\\/wp2.nige.de\\\/wordpress\\\/sample-page\\\/mint-facher\\\/mathematik\\\/#breadcrumb\",\"itemListElement\":[{\"@type\":\"ListItem\",\"position\":1,\"name\":\"Startseite\",\"item\":\"https:\\\/\\\/wp2.nige.de\\\/wordpress\\\/\"},{\"@type\":\"ListItem\",\"position\":2,\"name\":\"NIGE\",\"item\":\"https:\\\/\\\/wp2.nige.de\\\/wordpress\\\/sample-page\\\/\"},{\"@type\":\"ListItem\",\"position\":3,\"name\":\"MINT-F\u00e4cher\",\"item\":\"https:\\\/\\\/wp2.nige.de\\\/wordpress\\\/sample-page\\\/mint-facher\\\/\"},{\"@type\":\"ListItem\",\"position\":4,\"name\":\"Mathematik\"}]},{\"@type\":\"WebSite\",\"@id\":\"https:\\\/\\\/wp2.nige.de\\\/wordpress\\\/#website\",\"url\":\"https:\\\/\\\/wp2.nige.de\\\/wordpress\\\/\",\"name\":\"Nieders\u00e4chsisches Internatsgymnasium Esens | NIGE\",\"description\":\"Nieders\u00e4chsisches Internatsgymnasium Esens\",\"publisher\":{\"@id\":\"https:\\\/\\\/wp2.nige.de\\\/wordpress\\\/#organization\"},\"potentialAction\":[{\"@type\":\"SearchAction\",\"target\":{\"@type\":\"EntryPoint\",\"urlTemplate\":\"https:\\\/\\\/wp2.nige.de\\\/wordpress\\\/?s={search_term_string}\"},\"query-input\":{\"@type\":\"PropertyValueSpecification\",\"valueRequired\":true,\"valueName\":\"search_term_string\"}}],\"inLanguage\":\"de\"},{\"@type\":\"Organization\",\"@id\":\"https:\\\/\\\/wp2.nige.de\\\/wordpress\\\/#organization\",\"name\":\"Nieders\u00e4chsisches Internatsgymnasium Esens\",\"url\":\"https:\\\/\\\/wp2.nige.de\\\/wordpress\\\/\",\"logo\":{\"@type\":\"ImageObject\",\"inLanguage\":\"de\",\"@id\":\"https:\\\/\\\/wp2.nige.de\\\/wordpress\\\/#\\\/schema\\\/logo\\\/image\\\/\",\"url\":\"https:\\\/\\\/wp2.nige.de\\\/wordpress\\\/wp-content\\\/uploads\\\/2018\\\/08\\\/logo_nige.jpg\",\"contentUrl\":\"https:\\\/\\\/wp2.nige.de\\\/wordpress\\\/wp-content\\\/uploads\\\/2018\\\/08\\\/logo_nige.jpg\",\"width\":1984,\"height\":1239,\"caption\":\"Nieders\u00e4chsisches Internatsgymnasium Esens\"},\"image\":{\"@id\":\"https:\\\/\\\/wp2.nige.de\\\/wordpress\\\/#\\\/schema\\\/logo\\\/image\\\/\"},\"sameAs\":[\"https:\\\/\\\/www.facebook.com\\\/NIGEsens\\\/\"]}]}<\/script>\n<!-- \/ Yoast SEO plugin. -->","yoast_head_json":{"title":"Mathematik - NIGE","robots":{"index":"index","follow":"follow","max-snippet":"max-snippet:-1","max-image-preview":"max-image-preview:large","max-video-preview":"max-video-preview:-1"},"canonical":"https:\/\/wp2.nige.de\/wordpress\/sample-page\/mint-facher\/mathematik\/","og_locale":"de_DE","og_type":"article","og_title":"Mathematik - NIGE","og_description":"Fachkollegium Herr Fabian Bruns Herr Stefan Eilts Frau Hannah Geistert (Fachkonferenzleiterin) Frau Wiebke Habben Herr Stefan Kiritz Herr Philipp Landgraf Frau Hilke L\u00fcbben Frau Sabine Manthey Frau Anja M\u00fchlenbrock Herr Tobias M\u00fcller Herr Matthias Rudnick Herr Christoph Schetzberg Herr Wilhelm Specht Herr Dirk Voges Frau Claudia&#46;&#46;&#46;","og_url":"https:\/\/wp2.nige.de\/wordpress\/sample-page\/mint-facher\/mathematik\/","og_site_name":"NIGE","article_publisher":"https:\/\/www.facebook.com\/NIGEsens\/","article_modified_time":"2026-08-19T09:09:18+00:00","twitter_card":"summary_large_image","twitter_misc":{"Gesch\u00e4tzte Lesezeit":"1\u00a0Minute"},"schema":{"@context":"https:\/\/schema.org","@graph":[{"@type":"WebPage","@id":"https:\/\/wp2.nige.de\/wordpress\/sample-page\/mint-facher\/mathematik\/","url":"https:\/\/wp2.nige.de\/wordpress\/sample-page\/mint-facher\/mathematik\/","name":"Mathematik - NIGE","isPartOf":{"@id":"https:\/\/wp2.nige.de\/wordpress\/#website"},"datePublished":"2013-10-09T14:26:35+00:00","dateModified":"2026-08-19T09:09:18+00:00","breadcrumb":{"@id":"https:\/\/wp2.nige.de\/wordpress\/sample-page\/mint-facher\/mathematik\/#breadcrumb"},"inLanguage":"de","potentialAction":[{"@type":"ReadAction","target":["https:\/\/wp2.nige.de\/wordpress\/sample-page\/mint-facher\/mathematik\/"]}]},{"@type":"BreadcrumbList","@id":"https:\/\/wp2.nige.de\/wordpress\/sample-page\/mint-facher\/mathematik\/#breadcrumb","itemListElement":[{"@type":"ListItem","position":1,"name":"Startseite","item":"https:\/\/wp2.nige.de\/wordpress\/"},{"@type":"ListItem","position":2,"name":"NIGE","item":"https:\/\/wp2.nige.de\/wordpress\/sample-page\/"},{"@type":"ListItem","position":3,"name":"MINT-F\u00e4cher","item":"https:\/\/wp2.nige.de\/wordpress\/sample-page\/mint-facher\/"},{"@type":"ListItem","position":4,"name":"Mathematik"}]},{"@type":"WebSite","@id":"https:\/\/wp2.nige.de\/wordpress\/#website","url":"https:\/\/wp2.nige.de\/wordpress\/","name":"Nieders\u00e4chsisches Internatsgymnasium Esens | NIGE","description":"Nieders\u00e4chsisches Internatsgymnasium Esens","publisher":{"@id":"https:\/\/wp2.nige.de\/wordpress\/#organization"},"potentialAction":[{"@type":"SearchAction","target":{"@type":"EntryPoint","urlTemplate":"https:\/\/wp2.nige.de\/wordpress\/?s={search_term_string}"},"query-input":{"@type":"PropertyValueSpecification","valueRequired":true,"valueName":"search_term_string"}}],"inLanguage":"de"},{"@type":"Organization","@id":"https:\/\/wp2.nige.de\/wordpress\/#organization","name":"Nieders\u00e4chsisches Internatsgymnasium Esens","url":"https:\/\/wp2.nige.de\/wordpress\/","logo":{"@type":"ImageObject","inLanguage":"de","@id":"https:\/\/wp2.nige.de\/wordpress\/#\/schema\/logo\/image\/","url":"https:\/\/wp2.nige.de\/wordpress\/wp-content\/uploads\/2018\/08\/logo_nige.jpg","contentUrl":"https:\/\/wp2.nige.de\/wordpress\/wp-content\/uploads\/2018\/08\/logo_nige.jpg","width":1984,"height":1239,"caption":"Nieders\u00e4chsisches Internatsgymnasium Esens"},"image":{"@id":"https:\/\/wp2.nige.de\/wordpress\/#\/schema\/logo\/image\/"},"sameAs":["https:\/\/www.facebook.com\/NIGEsens\/"]}]}},"_links":{"self":[{"href":"https:\/\/wp2.nige.de\/wordpress\/wp-json\/wp\/v2\/pages\/1574","targetHints":{"allow":["GET"]}}],"collection":[{"href":"https:\/\/wp2.nige.de\/wordpress\/wp-json\/wp\/v2\/pages"}],"about":[{"href":"https:\/\/wp2.nige.de\/wordpress\/wp-json\/wp\/v2\/types\/page"}],"author":[{"embeddable":true,"href":"https:\/\/wp2.nige.de\/wordpress\/wp-json\/wp\/v2\/users\/28"}],"replies":[{"embeddable":true,"href":"https:\/\/wp2.nige.de\/wordpress\/wp-json\/wp\/v2\/comments?post=1574"}],"version-history":[{"count":54,"href":"https:\/\/wp2.nige.de\/wordpress\/wp-json\/wp\/v2\/pages\/1574\/revisions"}],"predecessor-version":[{"id":18936,"href":"https:\/\/wp2.nige.de\/wordpress\/wp-json\/wp\/v2\/pages\/1574\/revisions\/18936"}],"up":[{"embeddable":true,"href":"https:\/\/wp2.nige.de\/wordpress\/wp-json\/wp\/v2\/pages\/160"}],"wp:attachment":[{"href":"https:\/\/wp2.nige.de\/wordpress\/wp-json\/wp\/v2\/media?parent=1574"}],"curies":[{"name":"wp","href":"https:\/\/api.w.org\/{rel}","templated":true}]}}